{"id":1737,"date":"2019-04-14T05:27:31","date_gmt":"2019-04-14T03:27:31","guid":{"rendered":"http:\/\/pcf1.oena.ch\/?page_id=10"},"modified":"2026-05-11T14:17:10","modified_gmt":"2026-05-11T14:17:10","slug":"club-2","status":"publish","type":"page","link":"https:\/\/photofri.ch\/pcfwp\/club-2\/","title":{"rendered":"Comit\u00e9 et commissions"},"content":{"rendered":"<p>[et_pb_section fb_built=\u00a0\u00bb1&Prime; inner_shadow=\u00a0\u00bbon\u00a0\u00bb _builder_version=\u00a0\u00bb4.16&Prime; background_image=\u00a0\u00bbhttps:\/\/photofri.ch\/pcfwp\/wp-content\/uploads\/2019\/06\/imgbandeaupage.png\u00a0\u00bb background_size=\u00a0\u00bbinitial\u00a0\u00bb background_position=\u00a0\u00bbtop_center\u00a0\u00bb custom_padding=\u00a0\u00bb||0px\u00a0\u00bb global_colors_info=\u00a0\u00bb{}\u00a0\u00bb][et_pb_row _builder_version=\u00a0\u00bb4.16&Prime; custom_margin=\u00a0\u00bb|||\u00a0\u00bb global_colors_info=\u00a0\u00bb{}\u00a0\u00bb][et_pb_column type=\u00a0\u00bb4_4&Prime; _builder_version=\u00a0\u00bb4.16&Prime; custom_padding=\u00a0\u00bb|||\u00a0\u00bb global_colors_info=\u00a0\u00bb{}\u00a0\u00bb custom_padding__hover=\u00a0\u00bb|||\u00a0\u00bb][et_pb_text _builder_version=\u00a0\u00bb4.16&Prime; text_font=\u00a0\u00bb||||||||\u00a0\u00bb header_font=\u00a0\u00bbOswald||||||||\u00a0\u00bb header_text_color=\u00a0\u00bb#c99a22&Prime; header_font_size=\u00a0\u00bb42px\u00a0\u00bb header_letter_spacing=\u00a0\u00bb3px\u00a0\u00bb custom_margin=\u00a0\u00bb|||\u00a0\u00bb global_colors_info=\u00a0\u00bb{}\u00a0\u00bb]<\/p>\n<h1 style=\"text-align: left;\">Club<\/h1>\n<p>&nbsp;<\/p>\n<p>[\/et_pb_text][\/et_pb_column][\/et_pb_row][\/et_pb_section][et_pb_section fb_built=\u00a0\u00bb1&Prime; admin_label=\u00a0\u00bbListe des membres\u00a0\u00bb _builder_version=\u00a0\u00bb4.16&Prime; global_colors_info=\u00a0\u00bb{}\u00a0\u00bb][et_pb_row column_structure=\u00a0\u00bb1_3,1_3,1_3&Prime; use_custom_gutter=\u00a0\u00bbon\u00a0\u00bb gutter_width=\u00a0\u00bb2&Prime; admin_label=\u00a0\u00bbMembres\u00a0\u00bb _builder_version=\u00a0\u00bb4.27.6&Prime; custom_padding=\u00a0\u00bb0px||\u00a0\u00bb global_colors_info=\u00a0\u00bb{}\u00a0\u00bb][et_pb_column type=\u00a0\u00bb1_3&Prime; _builder_version=\u00a0\u00bb4.16&Prime; custom_padding=\u00a0\u00bb|||\u00a0\u00bb global_colors_info=\u00a0\u00bb{}\u00a0\u00bb custom_padding__hover=\u00a0\u00bb|||\u00a0\u00bb][et_pb_text _builder_version=\u00a0\u00bb4.16&Prime; custom_margin=\u00a0\u00bb||\u00a0\u00bb custom_padding=\u00a0\u00bb||\u00a0\u00bb border_color_all=\u00a0\u00bb#c99a22&Prime; border_width_bottom=\u00a0\u00bb2px\u00a0\u00bb global_colors_info=\u00a0\u00bb{}\u00a0\u00bb]<\/p>\n<h2>Membres du comit\u00e9<\/h2>\n<p>[\/et_pb_text][et_pb_team_member name=\u00a0\u00bbJacques Hostettler\u00a0\u00bb position=\u00a0\u00bbPr\u00e9sident\u00a0\u00bb icon_color=\u00a0\u00bb#e02b20&Prime; _builder_version=\u00a0\u00bb4.27.6&Prime; body_font=\u00a0\u00bb||||||||\u00a0\u00bb custom_margin=\u00a0\u00bb||\u00a0\u00bb custom_padding=\u00a0\u00bb10px||\u00a0\u00bb global_colors_info=\u00a0\u00bb{}\u00a0\u00bb]<\/p>\n<p>president@photofri.ch<\/p>\n<p>[\/et_pb_team_member][et_pb_team_member name=\u00a0\u00bbEmile Birbaum\u00a0\u00bb position=\u00a0\u00bbSecr\u00e9taire\u00a0\u00bb _builder_version=\u00a0\u00bb4.27.6&Prime; body_font=\u00a0\u00bb||||||||\u00a0\u00bb custom_padding=\u00a0\u00bb|0px|0px|||\u00a0\u00bb global_colors_info=\u00a0\u00bb{}\u00a0\u00bb]<\/p>\n<p>info@photofri.ch<\/p>\n<p>[\/et_pb_team_member][et_pb_team_member name=\u00a0\u00bbLaurent Finger\u00a0\u00bb position=\u00a0\u00bbResponsable du cours photo\u00a0\u00bb _builder_version=\u00a0\u00bb4.27.6&Prime; body_font=\u00a0\u00bb||||||||\u00a0\u00bb global_colors_info=\u00a0\u00bb{}\u00a0\u00bb]<\/p>\n<p>coursphoto@photofri.ch<\/p>\n<p>[\/et_pb_team_member][et_pb_team_member name=\u00a0\u00bbBruno W\u00e4gli\u00a0\u00bb position=\u00a0\u00bbRepr\u00e9sentant de la CA\u00a0\u00bb _builder_version=\u00a0\u00bb4.27.6&Prime; body_font=\u00a0\u00bb||||||||\u00a0\u00bb custom_padding=\u00a0\u00bb|0px|0px|||\u00a0\u00bb global_colors_info=\u00a0\u00bb{}\u00a0\u00bb][\/et_pb_team_member][et_pb_team_member name=\u00a0\u00bbDaniel Joss\u00a0\u00bb position=\u00a0\u00bbCaissier\u00a0\u00bb _builder_version=\u00a0\u00bb4.27.6&Prime; body_font=\u00a0\u00bb||||||||\u00a0\u00bb global_colors_info=\u00a0\u00bb{}\u00a0\u00bb]<\/p>\n<p>caissier@photofri.ch<\/p>\n<p>[\/et_pb_team_member][\/et_pb_column][et_pb_column type=\u00a0\u00bb1_3&Prime; _builder_version=\u00a0\u00bb4.16&Prime; custom_padding=\u00a0\u00bb|||\u00a0\u00bb global_colors_info=\u00a0\u00bb{}\u00a0\u00bb custom_padding__hover=\u00a0\u00bb|||\u00a0\u00bb][et_pb_text _builder_version=\u00a0\u00bb4.27.6&Prime; border_color_all=\u00a0\u00bb#c99a22&Prime; border_width_bottom=\u00a0\u00bb2px\u00a0\u00bb global_colors_info=\u00a0\u00bb{}\u00a0\u00bb]<\/p>\n<h2>Commission des activit\u00e9s (CA)<\/h2>\n<p>[\/et_pb_text][et_pb_text _builder_version=\u00a0\u00bb4.27.6&Prime; _module_preset=\u00a0\u00bbdefault\u00a0\u00bb global_colors_info=\u00a0\u00bb{}\u00a0\u00bb]<\/p>\n<p><span>ca@photofri.ch<\/span><\/p>\n<p>[\/et_pb_text][et_pb_team_member name=\u00a0\u00bbMathieu Ziegenhagen\u00a0\u00bb position=\u00a0\u00bbMembre de la CA\u00a0\u00bb _builder_version=\u00a0\u00bb4.27.6&Prime; body_font=\u00a0\u00bb||||||||\u00a0\u00bb custom_padding=\u00a0\u00bb10px||\u00a0\u00bb global_colors_info=\u00a0\u00bb{}\u00a0\u00bb][\/et_pb_team_member][et_pb_team_member name=\u00a0\u00bbC\u00e9dric M\u00fcller\u00a0\u00bb position=\u00a0\u00bbMembre de la CA\u00a0\u00bb _builder_version=\u00a0\u00bb4.27.6&Prime; body_font=\u00a0\u00bb||||||||\u00a0\u00bb custom_padding=\u00a0\u00bb||0px|||\u00a0\u00bb global_colors_info=\u00a0\u00bb{}\u00a0\u00bb][\/et_pb_team_member][et_pb_team_member name=\u00a0\u00bbOlivier Studer\u00a0\u00bb position=\u00a0\u00bbMembre de la CA\u00a0\u00bb _builder_version=\u00a0\u00bb4.27.6&Prime; body_font=\u00a0\u00bb||||||||\u00a0\u00bb global_colors_info=\u00a0\u00bb{}\u00a0\u00bb][\/et_pb_team_member][et_pb_team_member name=\u00a0\u00bbNadine S\u00e9veno\u00a0\u00bb position=\u00a0\u00bbMembre de la CA\u00a0\u00bb _builder_version=\u00a0\u00bb4.27.6&Prime; body_font=\u00a0\u00bb||||||||\u00a0\u00bb custom_padding=\u00a0\u00bb||0px|||\u00a0\u00bb global_colors_info=\u00a0\u00bb{}\u00a0\u00bb][\/et_pb_team_member][et_pb_team_member name=\u00a0\u00bbBruno W\u00e4gli\u00a0\u00bb position=\u00a0\u00bbMembre de la CA\u00a0\u00bb _builder_version=\u00a0\u00bb4.27.6&Prime; body_font=\u00a0\u00bb||||||||\u00a0\u00bb custom_padding=\u00a0\u00bb||0px|||\u00a0\u00bb global_colors_info=\u00a0\u00bb{}\u00a0\u00bb][\/et_pb_team_member][et_pb_team_member name=\u00a0\u00bbEmile Birbaum\u00a0\u00bb position=\u00a0\u00bbMembre de la CA et secr\u00e9taire du comit\u00e9\u00a0\u00bb _builder_version=\u00a0\u00bb4.27.6&Prime; body_font=\u00a0\u00bb||||||||\u00a0\u00bb custom_padding=\u00a0\u00bb||0px|||\u00a0\u00bb global_colors_info=\u00a0\u00bb{}\u00a0\u00bb][\/et_pb_team_member][\/et_pb_column][et_pb_column type=\u00a0\u00bb1_3&Prime; _builder_version=\u00a0\u00bb4.16&Prime; custom_padding=\u00a0\u00bb|||\u00a0\u00bb global_colors_info=\u00a0\u00bb{}\u00a0\u00bb custom_padding__hover=\u00a0\u00bb|||\u00a0\u00bb][et_pb_text _builder_version=\u00a0\u00bb4.16&Prime; border_color_all=\u00a0\u00bb#c99a22&Prime; border_width_bottom=\u00a0\u00bb2px\u00a0\u00bb global_colors_info=\u00a0\u00bb{}\u00a0\u00bb]<\/p>\n<h2>Statuts et r\u00e8glements<\/h2>\n<p>[\/et_pb_text][et_pb_text _builder_version=\u00a0\u00bb4.27.4&Prime; text_font=\u00a0\u00bb||||||||\u00a0\u00bb text_font_size=\u00a0\u00bb15px\u00a0\u00bb custom_padding=\u00a0\u00bb10px||\u00a0\u00bb global_colors_info=\u00a0\u00bb{}\u00a0\u00bb]<\/p>\n<table style=\"width: 424px;\">\n<tbody>\n<tr style=\"height: 47.5px;\">\n<td style=\"width: 82px; height: 47.5px;\"><a href=\"https:\/\/photofri.ch\/pcfwp\/wp-content\/uploads\/2019\/12\/20191202-Statuts-PCF.pdf\" target=\"_blank\" rel=\"noopener noreferrer\"><img loading=\"lazy\" decoding=\"async\" class=\"alignnone wp-image-1780 size-full\" src=\"https:\/\/photofri.ch\/pcfwp\/wp-content\/uploads\/2019\/06\/icons8-pdf-2-48.png\" alt=\"\" width=\"48\" height=\"48\" \/><\/a><\/td>\n<td style=\"width: 342px; height: 47.5px;\"><a href=\"https:\/\/photofri.ch\/pcfwp\/wp-content\/uploads\/2025\/03\/241129-Statuts-PCF.pdf\" rel=\"attachment wp-att-9092\">Statuts PCF<\/a><\/td>\n<\/tr>\n<tr style=\"height: 54px;\">\n<td style=\"width: 82px; height: 54px;\"><a href=\"https:\/\/photofri.ch\/pcfwp\/wp-content\/uploads\/2019\/06\/20140504_pcf_reglement_PCF_labo.pdf\" target=\"_blank\" rel=\"noopener noreferrer\"><img loading=\"lazy\" decoding=\"async\" class=\"wp-image-1780 alignnone size-full\" src=\"https:\/\/photofri.ch\/pcfwp\/wp-content\/uploads\/2019\/06\/icons8-pdf-2-48.png\" alt=\"\" width=\"48\" height=\"48\" \/><\/a><\/td>\n<td style=\"width: 342px; height: 54px;\"><a href=\"https:\/\/photofri.ch\/pcfwp\/wp-content\/uploads\/2024\/06\/Reglement-PCF-labo-2.pdf\" target=\"_blank\" rel=\"noopener noreferrer\">PCF R\u00e8glement Labo argentique<\/a><\/td>\n<\/tr>\n<tr style=\"height: 47.5px;\">\n<td style=\"width: 82px; height: 47.5px;\"><a href=\"https:\/\/photofri.ch\/pcfwp\/wp-content\/uploads\/2020\/01\/2020_01_01-R\u00e8glement-des-concours-version-apr\u00e8s-AG-2019.pdf\" target=\"_blank\" rel=\"noopener noreferrer\"><img loading=\"lazy\" decoding=\"async\" class=\"wp-image-1780 alignnone size-full\" src=\"https:\/\/photofri.ch\/pcfwp\/wp-content\/uploads\/2019\/06\/icons8-pdf-2-48.png\" alt=\"\" width=\"48\" height=\"48\" \/><\/a><\/td>\n<td style=\"width: 342px; height: 47.5px;\"><a href=\"https:\/\/photofri.ch\/pcfwp\/wp-content\/uploads\/2020\/01\/2020_01_01-R\u00e8glement-des-concours-version-apr\u00e8s-AG-2019.pdf\" target=\"_blank\" rel=\"noopener noreferrer\">R\u00e8glement concours<\/a><\/td>\n<\/tr>\n<\/tbody>\n<\/table>\n<p>&nbsp;<\/p>\n<p>&nbsp;<\/p>\n<p>&nbsp;<\/p>\n<p>[\/et_pb_text][et_pb_text _builder_version=\u00a0\u00bb4.27.4&Prime; border_color_all=\u00a0\u00bb#c99a22&Prime; border_width_bottom=\u00a0\u00bb2px\u00a0\u00bb global_colors_info=\u00a0\u00bb{}\u00a0\u00bb]<\/p>\n<h2>Documents utiles<\/h2>\n<p>[\/et_pb_text][et_pb_text _builder_version=\u00a0\u00bb4.27.4&Prime; text_font=\u00a0\u00bb||||||||\u00a0\u00bb text_font_size=\u00a0\u00bb15px\u00a0\u00bb custom_padding=\u00a0\u00bb10px||\u00a0\u00bb global_colors_info=\u00a0\u00bb{}\u00a0\u00bb]<\/p>\n<p><a href=\"https:\/\/photofri.ch\/pcfwp\/wp-content\/uploads\/2025\/08\/PCF-recommandation-beamer.pdf\" rel=\"attachment wp-att-9229\">PCF-recommandation beamer<\/a><\/p>\n<p>&nbsp;<\/p>\n<p>&nbsp;<\/p>\n<p>&nbsp;<\/p>\n<p>[\/et_pb_text][\/et_pb_column][\/et_pb_row][\/et_pb_section][et_pb_section fb_built=\u00a0\u00bb1&Prime; _builder_version=\u00a0\u00bb3.26.6&Prime; background_color=\u00a0\u00bb#303030&Prime; background_blend=\u00a0\u00bbluminosity\u00a0\u00bb custom_padding=\u00a0\u00bb||15px\u00a0\u00bb global_module=\u00a0\u00bb2174&Prime; saved_tabs=\u00a0\u00bball\u00a0\u00bb collapsed=\u00a0\u00bboff\u00a0\u00bb global_colors_info=\u00a0\u00bb{}\u00a0\u00bb][et_pb_row column_structure=\u00a0\u00bb1_3,1_3,1_3&Prime; _builder_version=\u00a0\u00bb4.27.6&Prime; custom_margin=\u00a0\u00bb-15px||\u00a0\u00bb custom_padding=\u00a0\u00bb|||15px\u00a0\u00bb border_color_all=\u00a0\u00bb#000000&Prime; border_color_right=\u00a0\u00bb#c99a22&Prime; border_width_left=\u00a0\u00bb1px\u00a0\u00bb border_color_left=\u00a0\u00bb#c99a22&Prime; global_colors_info=\u00a0\u00bb{}\u00a0\u00bb][et_pb_column type=\u00a0\u00bb1_3&Prime; _builder_version=\u00a0\u00bb4.27.3&Prime; global_colors_info=\u00a0\u00bb{}\u00a0\u00bb][et_pb_text _builder_version=\u00a0\u00bb4.27.6&Prime; text_font=\u00a0\u00bb&#8211;et_global_body_font||||||||\u00a0\u00bb text_text_color=\u00a0\u00bb#FFFFFF\u00a0\u00bb text_font_size=\u00a0\u00bb15px\u00a0\u00bb custom_margin=\u00a0\u00bb-15px||\u00a0\u00bb custom_padding=\u00a0\u00bb|||15px\u00a0\u00bb global_colors_info=\u00a0\u00bb{}\u00a0\u00bb]<\/p>\n<p><strong><span style=\"color: #ffffff;\">Informations<\/span><\/strong><\/p>\n<p><span style=\"color: #ffffff;\"><a style=\"color: #ffffff;\" href=\"https:\/\/photofri.ch\/pcfwp\/contact\">Contacter Photo Club Fribourg<\/a><\/span><\/p>\n<p><span style=\"color: #ffffff;\"><a style=\"color: #ffffff;\" href=\"https:\/\/photofri.ch\/pcfwp\/cours\">Informations sur les cours photo<\/a><\/span><\/p>\n<p><span style=\"color: #ffffff;\"><a style=\"color: #ffffff;\" href=\"https:\/\/photofri.ch\/pcfwp\/rejoignez-nous\/\">Devenir membre du club<\/a><\/span><\/p>\n<p>[\/et_pb_text][\/et_pb_column][et_pb_column type=\u00a0\u00bb1_3&Prime; _builder_version=\u00a0\u00bb4.16&Prime; _module_preset=\u00a0\u00bbdefault\u00a0\u00bb global_colors_info=\u00a0\u00bb{}\u00a0\u00bb][et_pb_text _builder_version=\u00a0\u00bb4.27.6&Prime; text_font=\u00a0\u00bb&#8211;et_global_body_font||||||||\u00a0\u00bb text_text_color=\u00a0\u00bb#FFFFFF\u00a0\u00bb text_font_size=\u00a0\u00bb15px\u00a0\u00bb custom_margin=\u00a0\u00bb-15px||\u00a0\u00bb custom_padding=\u00a0\u00bb|||15px\u00a0\u00bb hover_enabled=\u00a0\u00bb0&Prime; border_color_right=\u00a0\u00bb#c99a22&Prime; border_width_left=\u00a0\u00bb1px\u00a0\u00bb border_color_left=\u00a0\u00bb#c99a22&Prime; global_colors_info=\u00a0\u00bb{}\u00a0\u00bb sticky_enabled=\u00a0\u00bb0&Prime;]<\/p>\n<p><strong>Adresse du Photo Club Fribourg<\/strong><\/p>\n<p>Maison Cibachrome<br \/>Route du Moulin<br \/>1723 Marly<\/p>\n<p>[\/et_pb_text][\/et_pb_column][et_pb_column type=\u00a0\u00bb1_3&Prime; _builder_version=\u00a0\u00bb4.16&Prime; _module_preset=\u00a0\u00bbdefault\u00a0\u00bb global_colors_info=\u00a0\u00bb{}\u00a0\u00bb][et_pb_text _builder_version=\u00a0\u00bb4.27.3&Prime; text_font=\u00a0\u00bb&#8211;et_global_body_font||||||||\u00a0\u00bb text_text_color=\u00a0\u00bb#FFFFFF\u00a0\u00bb text_font_size=\u00a0\u00bb15px\u00a0\u00bb custom_margin=\u00a0\u00bb-15px||\u00a0\u00bb custom_padding=\u00a0\u00bb|||15px\u00a0\u00bb border_color_right=\u00a0\u00bb#c99a22&Prime; border_width_left=\u00a0\u00bb1px\u00a0\u00bb border_color_left=\u00a0\u00bb#c99a22&Prime; global_colors_info=\u00a0\u00bb{}\u00a0\u00bb]<\/p>\n<p><strong>Photo Club Fribourg sur les r\u00e9seaux sociaux<\/strong><\/p>\n<p>[\/et_pb_text][et_pb_social_media_follow _builder_version=\u00a0\u00bb4.27.3&Prime; text_orientation=\u00a0\u00bbleft\u00a0\u00bb custom_margin=\u00a0\u00bb-15px|||15px\u00a0\u00bb custom_padding=\u00a0\u00bb|||\u00a0\u00bb border_color_left=\u00a0\u00bb#c99a22&Prime; global_colors_info=\u00a0\u00bb{}\u00a0\u00bb][et_pb_social_media_follow_network social_network=\u00a0\u00bbfacebook\u00a0\u00bb url=\u00a0\u00bbhttps:\/\/fr-fr.facebook.com\/photoclubfribourg\/\u00a0\u00bb icon_color=\u00a0\u00bb#FFFFFF\u00a0\u00bb _builder_version=\u00a0\u00bb4.27.3&Prime; background_color=\u00a0\u00bb#3b5998&Prime; global_colors_info=\u00a0\u00bb{}\u00a0\u00bb follow_button=\u00a0\u00bboff\u00a0\u00bb url_new_window=\u00a0\u00bbon\u00a0\u00bb]facebook[\/et_pb_social_media_follow_network][et_pb_social_media_follow_network social_network=\u00a0\u00bbinstagram\u00a0\u00bb url=\u00a0\u00bbhttps:\/\/www.instagram.com\/pcfribourg\/\u00a0\u00bb icon_color=\u00a0\u00bb#FFFFFF\u00a0\u00bb _builder_version=\u00a0\u00bb4.27.3&Prime; background_color=\u00a0\u00bb#ea2c59&Prime; global_colors_info=\u00a0\u00bb{}\u00a0\u00bb follow_button=\u00a0\u00bboff\u00a0\u00bb url_new_window=\u00a0\u00bbon\u00a0\u00bb]instagram[\/et_pb_social_media_follow_network][\/et_pb_social_media_follow][\/et_pb_column][\/et_pb_row][et_pb_row column_structure=\u00a0\u00bb1_3,1_3,1_3&Prime; _builder_version=\u00a0\u00bb4.27.6&Prime; _module_preset=\u00a0\u00bbdefault\u00a0\u00bb global_colors_info=\u00a0\u00bb{}\u00a0\u00bb][et_pb_column type=\u00a0\u00bb1_3&Prime; _builder_version=\u00a0\u00bb4.27.6&Prime; _module_preset=\u00a0\u00bbdefault\u00a0\u00bb global_colors_info=\u00a0\u00bb{}\u00a0\u00bb][\/et_pb_column][et_pb_column type=\u00a0\u00bb1_3&Prime; _builder_version=\u00a0\u00bb4.27.6&Prime; _module_preset=\u00a0\u00bbdefault\u00a0\u00bb global_colors_info=\u00a0\u00bb{}\u00a0\u00bb][\/et_pb_column][et_pb_column type=\u00a0\u00bb1_3&Prime; _builder_version=\u00a0\u00bb4.27.6&Prime; _module_preset=\u00a0\u00bbdefault\u00a0\u00bb global_colors_info=\u00a0\u00bb{}\u00a0\u00bb][\/et_pb_column][\/et_pb_row][\/et_pb_section]<\/p>\n","protected":false},"excerpt":{"rendered":"<p>Club &nbsp;Membres du comit\u00e9president@photofri.chinfo@photofri.chcoursphoto@photofri.chcaissier@photofri.chCommission des activit\u00e9s (CA)ca@photofri.chStatuts et r\u00e8glements Statuts PCF PCF R\u00e8glement Labo argentique R\u00e8glement concours &nbsp; &nbsp; &nbsp;Documents utilesPCF-recommandation beamer &nbsp; &nbsp; &nbsp;Informations Contacter Photo Club Fribourg Informations sur les cours photo Devenir membre du clubAdresse du Photo Club Fribourg Maison CibachromeRoute du Moulin1723 MarlyPhoto Club Fribourg sur les r\u00e9seaux sociaux<\/p>\n","protected":false},"author":2,"featured_media":0,"parent":0,"menu_order":0,"comment_status":"closed","ping_status":"closed","template":"","meta":{"_et_pb_use_builder":"on","_et_pb_old_content":"<!-- wp:divi\/placeholder \/-->","_et_gb_content_width":"","_mc_calendar":[],"footnotes":""},"class_list":["post-1737","page","type-page","status-publish","hentry"],"_links":{"self":[{"href":"https:\/\/photofri.ch\/pcfwp\/wp-json\/wp\/v2\/pages\/1737","targetHints":{"allow":["GET"]}}],"collection":[{"href":"https:\/\/photofri.ch\/pcfwp\/wp-json\/wp\/v2\/pages"}],"about":[{"href":"https:\/\/photofri.ch\/pcfwp\/wp-json\/wp\/v2\/types\/page"}],"author":[{"embeddable":true,"href":"https:\/\/photofri.ch\/pcfwp\/wp-json\/wp\/v2\/users\/2"}],"replies":[{"embeddable":true,"href":"https:\/\/photofri.ch\/pcfwp\/wp-json\/wp\/v2\/comments?post=1737"}],"version-history":[{"count":102,"href":"https:\/\/photofri.ch\/pcfwp\/wp-json\/wp\/v2\/pages\/1737\/revisions"}],"predecessor-version":[{"id":9873,"href":"https:\/\/photofri.ch\/pcfwp\/wp-json\/wp\/v2\/pages\/1737\/revisions\/9873"}],"wp:attachment":[{"href":"https:\/\/photofri.ch\/pcfwp\/wp-json\/wp\/v2\/media?parent=1737"}],"curies":[{"name":"wp","href":"https:\/\/api.w.org\/{rel}","templated":true}]}}