{"id":2134,"date":"2019-06-14T06:14:32","date_gmt":"2019-06-14T06:14:32","guid":{"rendered":"https:\/\/photofri.ch\/pcfwp\/?page_id=2134"},"modified":"2024-11-20T17:59:06","modified_gmt":"2024-11-20T16:59:06","slug":"monochrome","status":"publish","type":"page","link":"https:\/\/photofri.ch\/pcfwp\/monochrome\/","title":{"rendered":"Monochrome"},"content":{"rendered":"<p>[et_pb_section fb_built=\u00a0\u00bb1&Prime; inner_shadow=\u00a0\u00bbon\u00a0\u00bb _builder_version=\u00a0\u00bb4.16&Prime; background_image=\u00a0\u00bbhttps:\/\/photofri.ch\/pcfwp\/wp-content\/uploads\/2019\/06\/imgbandeaupage.png\u00a0\u00bb background_size=\u00a0\u00bbinitial\u00a0\u00bb background_position=\u00a0\u00bbtop_center\u00a0\u00bb custom_padding=\u00a0\u00bb||0px\u00a0\u00bb global_colors_info=\u00a0\u00bb{}\u00a0\u00bb][et_pb_row _builder_version=\u00a0\u00bb4.16&Prime; custom_margin=\u00a0\u00bb|||\u00a0\u00bb global_colors_info=\u00a0\u00bb{}\u00a0\u00bb][et_pb_column type=\u00a0\u00bb4_4&Prime; _builder_version=\u00a0\u00bb4.16&Prime; custom_padding=\u00a0\u00bb|||\u00a0\u00bb global_colors_info=\u00a0\u00bb{}\u00a0\u00bb custom_padding__hover=\u00a0\u00bb|||\u00a0\u00bb][et_pb_text _builder_version=\u00a0\u00bb4.16&Prime; text_font=\u00a0\u00bb||||||||\u00a0\u00bb header_font=\u00a0\u00bbOswald||||||||\u00a0\u00bb header_text_color=\u00a0\u00bb#c99a22&Prime; header_font_size=\u00a0\u00bb42px\u00a0\u00bb header_letter_spacing=\u00a0\u00bb3px\u00a0\u00bb custom_margin=\u00a0\u00bb|||\u00a0\u00bb global_colors_info=\u00a0\u00bb{}\u00a0\u00bb]<\/p>\n<h1 style=\"text-align: left;\">Monochrome<\/h1>\n<p>&nbsp;<\/p>\n<p>[\/et_pb_text][\/et_pb_column][\/et_pb_row][\/et_pb_section][et_pb_section fb_built=\u00a0\u00bb1&Prime; _builder_version=\u00a0\u00bb4.16&Prime; custom_margin=\u00a0\u00bb||\u00a0\u00bb custom_padding=\u00a0\u00bb20px||0px\u00a0\u00bb global_colors_info=\u00a0\u00bb{}\u00a0\u00bb][et_pb_row _builder_version=\u00a0\u00bb4.16&Prime; global_colors_info=\u00a0\u00bb{}\u00a0\u00bb][et_pb_column type=\u00a0\u00bb4_4&Prime; _builder_version=\u00a0\u00bb4.16&Prime; custom_padding=\u00a0\u00bb|||\u00a0\u00bb global_colors_info=\u00a0\u00bb{}\u00a0\u00bb custom_padding__hover=\u00a0\u00bb|||\u00a0\u00bb][et_pb_text _builder_version=\u00a0\u00bb4.16&Prime; header_font=\u00a0\u00bb||||||||\u00a0\u00bb header_text_align=\u00a0\u00bbcenter\u00a0\u00bb custom_margin=\u00a0\u00bb||0px\u00a0\u00bb global_colors_info=\u00a0\u00bb{}\u00a0\u00bb]<\/p>\n<h1>Photographie analogique<\/h1>\n<p>[\/et_pb_text][et_pb_divider color=\u00a0\u00bb#c99a22&Prime; divider_weight=\u00a0\u00bb3px\u00a0\u00bb _builder_version=\u00a0\u00bb4.16&Prime; height=\u00a0\u00bb0px\u00a0\u00bb global_colors_info=\u00a0\u00bb{}\u00a0\u00bb][\/et_pb_divider][\/et_pb_column][\/et_pb_row][\/et_pb_section][et_pb_section fb_built=\u00a0\u00bb1&Prime; _builder_version=\u00a0\u00bb4.16&Prime; custom_padding=\u00a0\u00bb0px||\u00a0\u00bb global_colors_info=\u00a0\u00bb{}\u00a0\u00bb][et_pb_row _builder_version=\u00a0\u00bb4.16&Prime; global_colors_info=\u00a0\u00bb{}\u00a0\u00bb][et_pb_column type=\u00a0\u00bb4_4&Prime; _builder_version=\u00a0\u00bb4.16&Prime; custom_padding=\u00a0\u00bb|||\u00a0\u00bb global_colors_info=\u00a0\u00bb{}\u00a0\u00bb custom_padding__hover=\u00a0\u00bb|||\u00a0\u00bb][et_pb_slider use_bg_overlay=\u00a0\u00bboff\u00a0\u00bb use_text_overlay=\u00a0\u00bboff\u00a0\u00bb arrows_custom_color=\u00a0\u00bb#ffffff\u00a0\u00bb dot_nav_custom_color=\u00a0\u00bb#FFFFFF\u00a0\u00bb _builder_version=\u00a0\u00bb4.27.3&Prime; background_color=\u00a0\u00bb#efbf00&Prime; button_alignment=\u00a0\u00bbright\u00a0\u00bb width=\u00a0\u00bb100%\u00a0\u00bb hover_enabled=\u00a0\u00bb0&Prime; border_color_all=\u00a0\u00bb#ffffff\u00a0\u00bb global_colors_info=\u00a0\u00bb{}\u00a0\u00bb header_text_color=\u00a0\u00bb#000000&Prime; body_text_color=\u00a0\u00bb#000000&Prime; sticky_enabled=\u00a0\u00bb0&Prime;][et_pb_slide heading=\u00a0\u00bbPhotographie analogique\u00a0\u00bb image=\u00a0\u00bbhttps:\/\/photofri.ch\/pcfwp\/wp-content\/uploads\/2019\/07\/PCF_site_christian_monochrome_01.jpg\u00a0\u00bb _builder_version=\u00a0\u00bb4.16&Prime; background_color=\u00a0\u00bb#dfb758&Prime; background_enable_color=\u00a0\u00bbon\u00a0\u00bb global_colors_info=\u00a0\u00bb{}\u00a0\u00bb sticky_transition=\u00a0\u00bbon\u00a0\u00bb]<\/p>\n<p style=\"text-align: justify;\">En 1826, Nic\u00e9phore Ni\u00e9pce cr\u00e9e la premi\u00e8re image fix\u00e9e de fa\u00e7on permanente sur un support et en 1884, George Eastman, met au point le film cellulo\u00efd qui va \u00eatre utilis\u00e9 jusqu\u2019au d\u00e9but du XXI\u00e8me si\u00e8cle.<\/p>\n<p style=\"text-align: justify;\">Avec l\u2019av\u00e8nement de la photographie num\u00e9rique, la photo analogique va \u00eatre rel\u00e9gu\u00e9e \u00e0 un ph\u00e9nom\u00e8ne de niche, courtis\u00e9e par des passionn\u00e9s qui lui trouvent encore et toujours des atouts appr\u00e9ciables en terme de qualit\u00e9 et de rendu.<\/p>\n<p style=\"text-align: justify;\">[\/et_pb_slide][et_pb_slide image=\u00a0\u00bbhttps:\/\/photofri.ch\/pcfwp\/wp-content\/uploads\/2019\/07\/PCF_site_christian_monochrome_02.jpg\u00a0\u00bb _builder_version=\u00a0\u00bb4.16&Prime; background_color=\u00a0\u00bb#dfb758&Prime; background_enable_color=\u00a0\u00bbon\u00a0\u00bb global_colors_info=\u00a0\u00bb{}\u00a0\u00bb sticky_transition=\u00a0\u00bbon\u00a0\u00bb]<\/p>\n<p style=\"text-align: justify;\">Le PCF offre \u00e0 ces cr\u00e9ateurs rares mais obstin\u00e9s, pour qui le processus photographique passe par la r\u00e9v\u00e9lation, le fixage et le tirage, avec les odeurs de la chimie, le noir du labo et les pens\u00e9es qui courent, un espace pour vivre cette passion de l\u2019argentique.<\/p>\n<p style=\"text-align: justify;\">Le PCF dispose d\u2019un labo photo bien \u00e9quip\u00e9 qui permet \u00e0 chacun de venir y d\u00e9velopper ses films et de les tirer sur papiers. Des initiations \u00e0 ces techniques sont aussi possibles sur demande.<br \/> Pour l\u2019amateur qui veut utiliser son propre mat\u00e9riel pour d\u00e9velopper et tirer des photos, il est possible d\u2019\u00e9quiper et de louer une loge.<\/p>\n<p>[\/et_pb_slide][\/et_pb_slider][\/et_pb_column][\/et_pb_row][et_pb_row column_structure=\u00a0\u00bb1_2,1_2&Prime; _builder_version=\u00a0\u00bb4.16&Prime; _module_preset=\u00a0\u00bbdefault\u00a0\u00bb global_colors_info=\u00a0\u00bb{}\u00a0\u00bb][et_pb_column type=\u00a0\u00bb1_2&Prime; _builder_version=\u00a0\u00bb4.16&Prime; _module_preset=\u00a0\u00bbdefault\u00a0\u00bb global_colors_info=\u00a0\u00bb{}\u00a0\u00bb][et_pb_button button_url=\u00a0\u00bbmailto:analogique@photofri.ch\u00a0\u00bb button_text=\u00a0\u00bbRenseignements\u00a0\u00bb button_alignment=\u00a0\u00bbcenter\u00a0\u00bb _builder_version=\u00a0\u00bb4.16&Prime; custom_button=\u00a0\u00bbon\u00a0\u00bb button_text_color=\u00a0\u00bb#FFFFFF\u00a0\u00bb button_bg_color=\u00a0\u00bb#c79921&Prime; button_border_width=\u00a0\u00bb0px\u00a0\u00bb button_border_color=\u00a0\u00bb#fed978&Prime; button_letter_spacing=\u00a0\u00bb3px\u00a0\u00bb button_font=\u00a0\u00bb&#8211;et_global_body_font|||on|||||\u00a0\u00bb button_icon=\u00a0\u00bb&#x6c;||divi||400&Prime; custom_margin=\u00a0\u00bb0px||||false|false\u00a0\u00bb global_colors_info=\u00a0\u00bb{}\u00a0\u00bb][\/et_pb_button][\/et_pb_column][et_pb_column type=\u00a0\u00bb1_2&Prime; _builder_version=\u00a0\u00bb4.16&Prime; _module_preset=\u00a0\u00bbdefault\u00a0\u00bb global_colors_info=\u00a0\u00bb{}\u00a0\u00bb][et_pb_button button_url=\u00a0\u00bbhttps:\/\/photofri.ch\/pcfwp\/monochromebooking\u00a0\u00bb button_text=\u00a0\u00bbR\u00e9servation du labo\u00a0\u00bb button_alignment=\u00a0\u00bbcenter\u00a0\u00bb _builder_version=\u00a0\u00bb4.16&Prime; custom_button=\u00a0\u00bbon\u00a0\u00bb button_text_color=\u00a0\u00bb#FFFFFF\u00a0\u00bb button_bg_color=\u00a0\u00bb#c79921&Prime; button_border_width=\u00a0\u00bb0px\u00a0\u00bb button_border_color=\u00a0\u00bb#fed978&Prime; button_letter_spacing=\u00a0\u00bb3px\u00a0\u00bb button_font=\u00a0\u00bb&#8211;et_global_body_font|||on|||||\u00a0\u00bb button_icon=\u00a0\u00bb&#x6c;||divi||400&Prime; custom_margin=\u00a0\u00bb0px||||false|false\u00a0\u00bb global_colors_info=\u00a0\u00bb{}\u00a0\u00bb][\/et_pb_button][\/et_pb_column][\/et_pb_row][\/et_pb_section][et_pb_section fb_built=\u00a0\u00bb1&Prime; _builder_version=\u00a0\u00bb4.16&Prime; _module_preset=\u00a0\u00bbdefault\u00a0\u00bb custom_padding=\u00a0\u00bb0px|||||\u00a0\u00bb global_colors_info=\u00a0\u00bb{}\u00a0\u00bb][et_pb_row _builder_version=\u00a0\u00bb4.16&Prime; _module_preset=\u00a0\u00bbdefault\u00a0\u00bb custom_padding=\u00a0\u00bb0px||0px||false|false\u00a0\u00bb global_colors_info=\u00a0\u00bb{}\u00a0\u00bb][et_pb_column type=\u00a0\u00bb4_4&Prime; _builder_version=\u00a0\u00bb4.16&Prime; _module_preset=\u00a0\u00bbdefault\u00a0\u00bb global_colors_info=\u00a0\u00bb{}\u00a0\u00bb][et_pb_text _builder_version=\u00a0\u00bb4.25.1&Prime; _module_preset=\u00a0\u00bbdefault\u00a0\u00bb global_colors_info=\u00a0\u00bb{}\u00a0\u00bb]<\/p>\n<h3 style=\"text-align: center;\"><span style=\"color: #ff0000;\"><a href=\"https:\/\/photofri.ch\/pcfwp\/wp-content\/uploads\/2024\/06\/Reglement-PCF-labo-2.pdf\" rel=\"attachment wp-att-8409\" style=\"color: #ff0000;\">Re\u0300glement PCF labo argentique<\/a><\/span><\/h3>\n<p>[\/et_pb_text][\/et_pb_column][\/et_pb_row][\/et_pb_section][et_pb_section fb_built=\u00a0\u00bb1&Prime; _builder_version=\u00a0\u00bb3.26.6&Prime; background_color=\u00a0\u00bb#303030&Prime; background_blend=\u00a0\u00bbluminosity\u00a0\u00bb custom_padding=\u00a0\u00bb||15px\u00a0\u00bb global_module=\u00a0\u00bb2174&Prime; saved_tabs=\u00a0\u00bball\u00a0\u00bb collapsed=\u00a0\u00bboff\u00a0\u00bb global_colors_info=\u00a0\u00bb{}\u00a0\u00bb][et_pb_row column_structure=\u00a0\u00bb1_3,1_3,1_3&Prime; _builder_version=\u00a0\u00bb4.27.3&Prime; custom_margin=\u00a0\u00bb-15px||\u00a0\u00bb custom_padding=\u00a0\u00bb|||15px\u00a0\u00bb border_color_all=\u00a0\u00bb#000000&Prime; border_color_right=\u00a0\u00bb#c99a22&Prime; border_width_left=\u00a0\u00bb1px\u00a0\u00bb border_color_left=\u00a0\u00bb#c99a22&Prime; global_colors_info=\u00a0\u00bb{}\u00a0\u00bb][et_pb_column type=\u00a0\u00bb1_3&Prime; _builder_version=\u00a0\u00bb4.27.3&Prime; global_colors_info=\u00a0\u00bb{}\u00a0\u00bb][et_pb_text _builder_version=\u00a0\u00bb4.27.3&Prime; text_font=\u00a0\u00bb&#8211;et_global_body_font||||||||\u00a0\u00bb text_text_color=\u00a0\u00bb#FFFFFF\u00a0\u00bb custom_margin=\u00a0\u00bb-15px||\u00a0\u00bb custom_padding=\u00a0\u00bb|||15px\u00a0\u00bb global_colors_info=\u00a0\u00bb{}\u00a0\u00bb]<\/p>\n<p><strong><span style=\"color: #ffffff;\">Informations<\/span><\/strong><\/p>\n<p><span style=\"color: #ffffff;\"><a style=\"color: #ffffff;\" href=\"https:\/\/photofri.ch\/pcfwp\/contact\">Contacter Photo Club Fribourg<\/a><\/span><\/p>\n<p><span style=\"color: #ffffff;\"><a style=\"color: #ffffff;\" href=\"https:\/\/photofri.ch\/pcfwp\/cours\">Informations sur les cours photo<\/a><\/span><\/p>\n<p><span style=\"color: #ffffff;\"><a style=\"color: #ffffff;\" href=\"https:\/\/photofri.ch\/pcfwp\/rejoignez-nous\/\">Devenir membre du club<\/a><\/span><\/p>\n<p>[\/et_pb_text][\/et_pb_column][et_pb_column type=\u00a0\u00bb1_3&Prime; _builder_version=\u00a0\u00bb4.16&Prime; custom_padding=\u00a0\u00bb|||\u00a0\u00bb global_colors_info=\u00a0\u00bb{}\u00a0\u00bb custom_padding__hover=\u00a0\u00bb|||\u00a0\u00bb][et_pb_text _builder_version=\u00a0\u00bb4.27.3&Prime; _module_preset=\u00a0\u00bbdefault\u00a0\u00bb text_font=\u00a0\u00bb||||||||\u00a0\u00bb text_text_color=\u00a0\u00bb#FFFFFF\u00a0\u00bb text_font_size=\u00a0\u00bb15px\u00a0\u00bb custom_margin=\u00a0\u00bb-15px||\u00a0\u00bb custom_padding=\u00a0\u00bb|||15px\u00a0\u00bb border_color_right=\u00a0\u00bb#c99a22&Prime; border_width_left=\u00a0\u00bb1px\u00a0\u00bb border_color_left=\u00a0\u00bb#c99a22&Prime; global_colors_info=\u00a0\u00bb{}\u00a0\u00bb]<\/p>\n<p><strong>Notre local<\/strong><\/p>\n<p>Maison Cibachrome<br \/>Route du Moulin<br \/>1723 Marly<\/p>\n<p><strong>Coordonn\u00e9es bancaires<\/strong><\/p>\n<p>Banque cantonale de Fribourg<br \/>CH92 0076 8011 0065 3390 8<\/p>\n<p>[\/et_pb_text][\/et_pb_column][et_pb_column type=\u00a0\u00bb1_3&Prime; _builder_version=\u00a0\u00bb4.16&Prime; _module_preset=\u00a0\u00bbdefault\u00a0\u00bb global_colors_info=\u00a0\u00bb{}\u00a0\u00bb][et_pb_text _builder_version=\u00a0\u00bb4.27.3&Prime; text_font=\u00a0\u00bb&#8211;et_global_body_font||||||||\u00a0\u00bb text_text_color=\u00a0\u00bb#FFFFFF\u00a0\u00bb text_font_size=\u00a0\u00bb15px\u00a0\u00bb custom_margin=\u00a0\u00bb-15px||\u00a0\u00bb custom_padding=\u00a0\u00bb|||15px\u00a0\u00bb border_color_right=\u00a0\u00bb#c99a22&Prime; border_width_left=\u00a0\u00bb1px\u00a0\u00bb border_color_left=\u00a0\u00bb#c99a22&Prime; global_colors_info=\u00a0\u00bb{}\u00a0\u00bb]<\/p>\n<p><strong>Photo Club Fribourg sur les r\u00e9seaux sociaux<\/strong><\/p>\n<p>[\/et_pb_text][et_pb_social_media_follow _builder_version=\u00a0\u00bb4.27.3&Prime; text_orientation=\u00a0\u00bbleft\u00a0\u00bb custom_margin=\u00a0\u00bb-15px|||15px\u00a0\u00bb custom_padding=\u00a0\u00bb|||\u00a0\u00bb border_color_left=\u00a0\u00bb#c99a22&Prime; global_colors_info=\u00a0\u00bb{}\u00a0\u00bb][et_pb_social_media_follow_network social_network=\u00a0\u00bbfacebook\u00a0\u00bb url=\u00a0\u00bbhttps:\/\/fr-fr.facebook.com\/photoclubfribourg\/\u00a0\u00bb icon_color=\u00a0\u00bb#FFFFFF\u00a0\u00bb _builder_version=\u00a0\u00bb4.27.3&Prime; background_color=\u00a0\u00bb#3b5998&Prime; global_colors_info=\u00a0\u00bb{}\u00a0\u00bb follow_button=\u00a0\u00bboff\u00a0\u00bb url_new_window=\u00a0\u00bbon\u00a0\u00bb]facebook[\/et_pb_social_media_follow_network][et_pb_social_media_follow_network social_network=\u00a0\u00bbinstagram\u00a0\u00bb url=\u00a0\u00bbhttps:\/\/www.instagram.com\/pcfribourg\/\u00a0\u00bb icon_color=\u00a0\u00bb#FFFFFF\u00a0\u00bb _builder_version=\u00a0\u00bb4.27.3&Prime; background_color=\u00a0\u00bb#ea2c59&Prime; global_colors_info=\u00a0\u00bb{}\u00a0\u00bb follow_button=\u00a0\u00bboff\u00a0\u00bb url_new_window=\u00a0\u00bbon\u00a0\u00bb]instagram[\/et_pb_social_media_follow_network][\/et_pb_social_media_follow][\/et_pb_column][\/et_pb_row][\/et_pb_section]<\/p>\n","protected":false},"excerpt":{"rendered":"<p>Monochrome &nbsp;Photographie analogiqueEn 1826, Nic\u00e9phore Ni\u00e9pce cr\u00e9e la premi\u00e8re image fix\u00e9e de fa\u00e7on permanente sur un support et en 1884, George Eastman, met au point le film cellulo\u00efd qui va \u00eatre utilis\u00e9 jusqu\u2019au d\u00e9but du XXI\u00e8me si\u00e8cle. Avec l\u2019av\u00e8nement de la photographie num\u00e9rique, la photo analogique va \u00eatre rel\u00e9gu\u00e9e \u00e0 un ph\u00e9nom\u00e8ne de niche, courtis\u00e9e [&hellip;]<\/p>\n","protected":false},"author":2,"featured_media":0,"parent":0,"menu_order":0,"comment_status":"closed","ping_status":"closed","template":"","meta":{"_et_pb_use_builder":"on","_et_pb_old_content":"","_et_gb_content_width":"","_mc_calendar":[],"footnotes":""},"class_list":["post-2134","page","type-page","status-publish","hentry"],"_links":{"self":[{"href":"https:\/\/photofri.ch\/pcfwp\/wp-json\/wp\/v2\/pages\/2134","targetHints":{"allow":["GET"]}}],"collection":[{"href":"https:\/\/photofri.ch\/pcfwp\/wp-json\/wp\/v2\/pages"}],"about":[{"href":"https:\/\/photofri.ch\/pcfwp\/wp-json\/wp\/v2\/types\/page"}],"author":[{"embeddable":true,"href":"https:\/\/photofri.ch\/pcfwp\/wp-json\/wp\/v2\/users\/2"}],"replies":[{"embeddable":true,"href":"https:\/\/photofri.ch\/pcfwp\/wp-json\/wp\/v2\/comments?post=2134"}],"version-history":[{"count":26,"href":"https:\/\/photofri.ch\/pcfwp\/wp-json\/wp\/v2\/pages\/2134\/revisions"}],"predecessor-version":[{"id":8675,"href":"https:\/\/photofri.ch\/pcfwp\/wp-json\/wp\/v2\/pages\/2134\/revisions\/8675"}],"wp:attachment":[{"href":"https:\/\/photofri.ch\/pcfwp\/wp-json\/wp\/v2\/media?parent=2134"}],"curies":[{"name":"wp","href":"https:\/\/api.w.org\/{rel}","templated":true}]}}