{"id":8181,"date":"2023-12-18T11:27:38","date_gmt":"2023-12-18T10:27:38","guid":{"rendered":"https:\/\/photofri.ch\/pcfwp\/?page_id=8181"},"modified":"2026-08-31T12:25:52","modified_gmt":"2026-08-31T12:25:52","slug":"incription-cours","status":"publish","type":"page","link":"https:\/\/photofri.ch\/pcfwp\/incription-cours\/","title":{"rendered":"Incription cours"},"content":{"rendered":"<p>[et_pb_section fb_built=\u00a0\u00bb1&Prime; inner_shadow=\u00a0\u00bbon\u00a0\u00bb _builder_version=\u00a0\u00bb4.16&Prime; background_image=\u00a0\u00bbhttps:\/\/test-upd-php.photofri.ch\/wp-content\/uploads\/2019\/06\/imgbandeaupage.png\u00a0\u00bb background_size=\u00a0\u00bbinitial\u00a0\u00bb background_position=\u00a0\u00bbtop_center\u00a0\u00bb custom_padding=\u00a0\u00bb||0px\u00a0\u00bb global_colors_info=\u00a0\u00bb{}\u00a0\u00bb][et_pb_row _builder_version=\u00a0\u00bb4.16&Prime; custom_margin=\u00a0\u00bb|||\u00a0\u00bb global_colors_info=\u00a0\u00bb{}\u00a0\u00bb][et_pb_column type=\u00a0\u00bb4_4&Prime; _builder_version=\u00a0\u00bb4.16&Prime; custom_padding=\u00a0\u00bb|||\u00a0\u00bb global_colors_info=\u00a0\u00bb{}\u00a0\u00bb custom_padding__hover=\u00a0\u00bb|||\u00a0\u00bb][et_pb_text _builder_version=\u00a0\u00bb4.16&Prime; text_font=\u00a0\u00bb||||||||\u00a0\u00bb header_font=\u00a0\u00bbOswald||||||||\u00a0\u00bb header_text_color=\u00a0\u00bb#c99a22&Prime; header_font_size=\u00a0\u00bb42px\u00a0\u00bb header_letter_spacing=\u00a0\u00bb3px\u00a0\u00bb custom_margin=\u00a0\u00bb|||\u00a0\u00bb global_colors_info=\u00a0\u00bb{}\u00a0\u00bb]<\/p>\n<h1 style=\"text-align: left;\">Cours photo<\/h1>\n<p>[\/et_pb_text][\/et_pb_column][\/et_pb_row][\/et_pb_section][et_pb_section fb_built=\u00a0\u00bb1&Prime; _builder_version=\u00a0\u00bb4.16&Prime; custom_margin=\u00a0\u00bb||\u00a0\u00bb custom_padding=\u00a0\u00bb20px||0px\u00a0\u00bb global_colors_info=\u00a0\u00bb{}\u00a0\u00bb][et_pb_row _builder_version=\u00a0\u00bb4.16&Prime; global_colors_info=\u00a0\u00bb{}\u00a0\u00bb][et_pb_column type=\u00a0\u00bb4_4&Prime; _builder_version=\u00a0\u00bb4.16&Prime; custom_padding=\u00a0\u00bb|||\u00a0\u00bb global_colors_info=\u00a0\u00bb{}\u00a0\u00bb custom_padding__hover=\u00a0\u00bb|||\u00a0\u00bb][et_pb_text _builder_version=\u00a0\u00bb4.16&Prime; header_font=\u00a0\u00bb||||||||\u00a0\u00bb header_text_align=\u00a0\u00bbcenter\u00a0\u00bb custom_margin=\u00a0\u00bb||0px\u00a0\u00bb global_colors_info=\u00a0\u00bb{}\u00a0\u00bb]<\/p>\n<h1>Informations et inscription<\/h1>\n<p>[\/et_pb_text][et_pb_divider color=\u00a0\u00bb#c99a22&Prime; divider_weight=\u00a0\u00bb3px\u00a0\u00bb _builder_version=\u00a0\u00bb4.16&Prime; height=\u00a0\u00bb0px\u00a0\u00bb global_colors_info=\u00a0\u00bb{}\u00a0\u00bb][\/et_pb_divider][\/et_pb_column][\/et_pb_row][\/et_pb_section][et_pb_section fb_built=\u00a0\u00bb1&Prime; _builder_version=\u00a0\u00bb4.16&Prime; custom_padding=\u00a0\u00bb0px||0px\u00a0\u00bb global_colors_info=\u00a0\u00bb{}\u00a0\u00bb][et_pb_row column_structure=\u00a0\u00bb1_3,1_3,1_3&Prime; use_custom_gutter=\u00a0\u00bbon\u00a0\u00bb gutter_width=\u00a0\u00bb2&Prime; make_equal=\u00a0\u00bbon\u00a0\u00bb _builder_version=\u00a0\u00bb4.16&Prime; custom_padding=\u00a0\u00bb0px||\u00a0\u00bb global_colors_info=\u00a0\u00bb{}\u00a0\u00bb][et_pb_column type=\u00a0\u00bb1_3&Prime; _builder_version=\u00a0\u00bb4.16&Prime; custom_padding=\u00a0\u00bb|||\u00a0\u00bb global_colors_info=\u00a0\u00bb{}\u00a0\u00bb custom_padding__hover=\u00a0\u00bb|||\u00a0\u00bb][et_pb_image src=\u00a0\u00bbhttps:\/\/test-upd-php.photofri.ch\/wp-content\/uploads\/2021\/11\/sel-site-PCF-cours-2021-2.jpg\u00a0\u00bb title_text=\u00a0\u00bbsel site PCF cours 2021-2&Prime; force_fullwidth=\u00a0\u00bbon\u00a0\u00bb _builder_version=\u00a0\u00bb4.16&Prime; global_colors_info=\u00a0\u00bb{}\u00a0\u00bb][\/et_pb_image][\/et_pb_column][et_pb_column type=\u00a0\u00bb1_3&Prime; _builder_version=\u00a0\u00bb4.16&Prime; custom_padding=\u00a0\u00bb|||\u00a0\u00bb global_colors_info=\u00a0\u00bb{}\u00a0\u00bb custom_padding__hover=\u00a0\u00bb|||\u00a0\u00bb][et_pb_image src=\u00a0\u00bbhttps:\/\/test-upd-php.photofri.ch\/wp-content\/uploads\/2021\/11\/sel-site-PCF-cours-2021-4.jpg\u00a0\u00bb title_text=\u00a0\u00bbsel site PCF cours 2021-4&Prime; force_fullwidth=\u00a0\u00bbon\u00a0\u00bb _builder_version=\u00a0\u00bb4.16&Prime; global_colors_info=\u00a0\u00bb{}\u00a0\u00bb][\/et_pb_image][\/et_pb_column][et_pb_column type=\u00a0\u00bb1_3&Prime; _builder_version=\u00a0\u00bb4.16&Prime; custom_padding=\u00a0\u00bb||0px|\u00a0\u00bb global_colors_info=\u00a0\u00bb{}\u00a0\u00bb custom_padding__hover=\u00a0\u00bb|||\u00a0\u00bb][et_pb_image src=\u00a0\u00bbhttps:\/\/test-upd-php.photofri.ch\/wp-content\/uploads\/2021\/11\/sel-site-PCF-cours-2021-6.jpg\u00a0\u00bb title_text=\u00a0\u00bbsel site PCF cours 2021-6&Prime; _builder_version=\u00a0\u00bb4.16&Prime; global_colors_info=\u00a0\u00bb{}\u00a0\u00bb][\/et_pb_image][\/et_pb_column][\/et_pb_row][et_pb_row _builder_version=\u00a0\u00bb4.16&Prime; min_height=\u00a0\u00bb527px\u00a0\u00bb custom_margin=\u00a0\u00bb||||false|false\u00a0\u00bb custom_padding=\u00a0\u00bb||\u00a0\u00bb global_colors_info=\u00a0\u00bb{}\u00a0\u00bb][et_pb_column type=\u00a0\u00bb4_4&Prime; _builder_version=\u00a0\u00bb4.16&Prime; custom_padding=\u00a0\u00bb|||\u00a0\u00bb global_colors_info=\u00a0\u00bb{}\u00a0\u00bb custom_padding__hover=\u00a0\u00bb|||\u00a0\u00bb][et_pb_text _builder_version=\u00a0\u00bb4.19.4&Prime; global_colors_info=\u00a0\u00bb{}\u00a0\u00bb]<\/p>\n<h2>Contenu du cours<\/h2>\n<p style=\"text-align: left;\"><span style=\"font-size: 12pt;\">Notre priorit\u00e9 est d&rsquo;enseigner les bases de la photographie. Elles permettront par la suite aux participants de les adapter \u00e0 diff\u00e9rents th\u00e8mes photographiques et \u00e0 leurs pr\u00e9f\u00e9rences personnelles.<\/span><\/p>\n<p style=\"text-align: left;\"><span style=\"font-size: medium;\"><strong>Les points importants:<\/strong> <\/span><\/p>\n<p style=\"text-align: left;\">\n<ul>\n<li><span style=\"font-size: medium;\">Les mat\u00e9riel et ses fonctions \u00e0 conna\u00eetre<\/span><\/li>\n<li><span style=\"font-size: medium;\">La composition<\/span><\/li>\n<li><span style=\"font-size: medium;\">La mise au point et le cadrage\u00a0<\/span><\/li>\n<li><span style=\"font-size: medium;\">La lumi\u00e8re<\/span><\/li>\n<li><span style=\"font-size: medium;\">La vitesse, l&rsquo;ouverture et la sensibilit\u00e9<\/span><\/li>\n<li><span style=\"font-size: medium;\">Le flash<\/span><\/li>\n<li><span style=\"font-size: medium;\">La profondeur de champ<\/span><\/li>\n<li><span style=\"font-size: medium;\">Les conseils pratiques<\/span><\/li>\n<li><span style=\"font-size: medium;\">L&rsquo;exposition et sa correction<\/span><\/li>\n<li><span style=\"font-size: medium;\">Approche du traitement de l&rsquo;image<\/span><\/li>\n<\/ul>\n<p>[\/et_pb_text][et_pb_text _builder_version=\u00a0\u00bb4.19.4&Prime; min_height=\u00a0\u00bb22px\u00a0\u00bb custom_margin=\u00a0\u00bb-36px||46px|||\u00a0\u00bb custom_padding=\u00a0\u00bb0px||0px|||\u00a0\u00bb global_colors_info=\u00a0\u00bb{}\u00a0\u00bb]<\/p>\n<p style=\"text-align: left;\">\n<p style=\"text-align: left;\"><span style=\"font-size: 12pt;\"><strong>Prix du cours: \u00a0 \u00a0 \u00a0Fr 350.- <\/strong><\/span><span style=\"font-size: 12pt;\"><strong>\u00a0 \u00a0 \u00a0 \u00a0 \u00a0 \u00a0 \u00a0 \u00a0 \u00a0 \u00a0 \u00a0 \u00a0 \u00a0 \u00a0 \u00a0 \u00a0AVS, AI, \u00e9tudiant, sur pr\u00e9sentation d&rsquo;une carte valide: Fr 300.-<\/strong><\/span><\/p>\n<p>[\/et_pb_text][et_pb_divider color=\u00a0\u00bb#c99a22&Prime; divider_weight=\u00a0\u00bb3px\u00a0\u00bb _builder_version=\u00a0\u00bb4.16&Prime; global_colors_info=\u00a0\u00bb{}\u00a0\u00bb][\/et_pb_divider][\/et_pb_column][\/et_pb_row][et_pb_row _builder_version=\u00a0\u00bb4.16&Prime; custom_margin=\u00a0\u00bb|auto|-30px|auto||\u00a0\u00bb custom_padding=\u00a0\u00bb0px||0px||false|false\u00a0\u00bb global_colors_info=\u00a0\u00bb{}\u00a0\u00bb][et_pb_column type=\u00a0\u00bb4_4&Prime; _builder_version=\u00a0\u00bb4.16&Prime; global_colors_info=\u00a0\u00bb{}\u00a0\u00bb][et_pb_text admin_label=\u00a0\u00bbTableau du cours\u00a0\u00bb _builder_version=\u00a0\u00bb4.27.0&Prime; min_height=\u00a0\u00bb87px\u00a0\u00bb custom_margin=\u00a0\u00bb35px||-2px||false|false\u00a0\u00bb custom_padding=\u00a0\u00bb||0px|||\u00a0\u00bb text_font_size_tablet=\u00a0\u00bb\u00a0\u00bb text_font_size_phone=\u00a0\u00bb7px\u00a0\u00bb text_font_size_last_edited=\u00a0\u00bbon|phone\u00a0\u00bb locked=\u00a0\u00bboff\u00a0\u00bb global_colors_info=\u00a0\u00bb{}\u00a0\u00bb]<\/p>\n<h1><span style=\"text-decoration: underline;\"><strong>Les dates de nos cours 2026<\/strong><\/span><\/h1>\n<p>[\/et_pb_text][\/et_pb_column][\/et_pb_row][et_pb_row _builder_version=\u00a0\u00bb4.16&Prime; global_colors_info=\u00a0\u00bb{}\u00a0\u00bb custom_padding=\u00a0\u00bb23px|||||\u00a0\u00bb][et_pb_column type=\u00a0\u00bb4_4&Prime; _builder_version=\u00a0\u00bb4.16&Prime; custom_padding=\u00a0\u00bb|||\u00a0\u00bb global_colors_info=\u00a0\u00bb{}\u00a0\u00bb custom_padding__hover=\u00a0\u00bb|||\u00a0\u00bb][et_pb_text admin_label=\u00a0\u00bbTableau du cours\u00a0\u00bb _builder_version=\u00a0\u00bb4.27.7&Prime; custom_margin=\u00a0\u00bb-20px||-2px||false|false\u00a0\u00bb custom_padding=\u00a0\u00bb||0px|||\u00a0\u00bb hover_enabled=\u00a0\u00bb0&Prime; text_font_size_tablet=\u00a0\u00bb\u00a0\u00bb text_font_size_phone=\u00a0\u00bb7px\u00a0\u00bb text_font_size_last_edited=\u00a0\u00bbon|phone\u00a0\u00bb locked=\u00a0\u00bboff\u00a0\u00bb global_colors_info=\u00a0\u00bb{}\u00a0\u00bb sticky_enabled=\u00a0\u00bb0&Prime;]<\/p>\n<h3>Automne 2026<\/h3>\n<table style=\"border-collapse: collapse; width: 97.0199%;\" border=\"1\">\n<tbody>\n<tr>\n<td style=\"width: 12.1088%; text-align: center;\">Session 1<\/td>\n<td style=\"width: 9.38776%; text-align: center;\">mardi<\/td>\n<td style=\"width: 24.0816%; text-align: center;\">03 novembre 2026<\/td>\n<td style=\"width: 20%; text-align: center;\">19h00 \u2013 21h45<\/td>\n<td style=\"width: 34.2857%; text-align: center;\"><a href=\"https:\/\/test-upd-php.photofri.ch\/contact\/\" rel=\"noopener noreferrer\" data-ik=\"ik-secure\" data-ik-opengraph-status=\"anchor\">local du PCF<\/a><\/td>\n<\/tr>\n<tr>\n<td style=\"width: 12.1088%; text-align: center;\">Session 2<\/td>\n<td style=\"width: 9.38776%; text-align: center;\">jeudi<\/td>\n<td style=\"width: 24.0816%; text-align: center;\">05 novembre 2026<\/td>\n<td style=\"width: 20%; text-align: center;\">19h00 \u2013 21h45<\/td>\n<td style=\"width: 34.2857%; text-align: center;\"><a href=\"https:\/\/test-upd-php.photofri.ch\/contact\/\" rel=\"noopener noreferrer\" data-ik=\"ik-secure\" data-ik-opengraph-status=\"anchor\">local du PCF<\/a><\/td>\n<\/tr>\n<tr>\n<td style=\"width: 12.1088%; text-align: center;\">Session 3<\/td>\n<td style=\"width: 9.38776%; text-align: center;\">samedi<\/td>\n<td style=\"width: 24.0816%; text-align: center;\">07 novembre 2026<\/td>\n<td style=\"width: 20%; text-align: center;\">08h00 \u2013 12h00<\/td>\n<td style=\"width: 34.2857%; text-align: center;\">sortie pratique en ext\u00e9rieur<\/td>\n<\/tr>\n<tr>\n<td style=\"width: 12.1088%; text-align: center;\">Session 4<\/td>\n<td style=\"width: 9.38776%; text-align: center;\">mardi<\/td>\n<td style=\"width: 24.0816%; text-align: center;\">10 novembre 2026<\/td>\n<td style=\"width: 20%; text-align: center;\">19h00 \u2013 21h45<\/td>\n<td style=\"width: 34.2857%; text-align: center;\"><a href=\"https:\/\/test-upd-php.photofri.ch\/contact\/\" rel=\"noopener noreferrer\" data-ik=\"ik-secure\" data-ik-opengraph-status=\"anchor\">local du PCF<\/a><\/td>\n<\/tr>\n<tr>\n<td style=\"width: 12.1088%; text-align: center;\">Session 5<\/td>\n<td style=\"width: 9.38776%; text-align: center;\">jeudi<\/td>\n<td style=\"width: 24.0816%; text-align: center;\">12 novembre 2026<\/td>\n<td style=\"width: 20%; text-align: center;\">19h00 \u2013 21h45<\/td>\n<td style=\"width: 34.2857%; text-align: center;\"><a href=\"https:\/\/test-upd-php.photofri.ch\/contact\/\" rel=\"noopener noreferrer\" data-ik=\"ik-secure\" data-ik-opengraph-status=\"anchor\">local du PCF<\/a><\/td>\n<\/tr>\n<tr>\n<td style=\"width: 12.1088%; text-align: center;\">Session 6<\/td>\n<td style=\"width: 9.38776%; text-align: center;\">samedi<\/td>\n<td style=\"width: 24.0816%; text-align: center;\">14 novembre 2026<\/td>\n<td style=\"width: 20%; text-align: center;\">08h00 \u2013 12h00<\/td>\n<td style=\"width: 34.2857%; text-align: center;\">sortie pratique en ext\u00e9rieur<\/td>\n<\/tr>\n<tr>\n<td style=\"width: 12.1088%; text-align: center;\">Session 7<\/td>\n<td style=\"width: 9.38776%; text-align: center;\">jeudi<\/td>\n<td style=\"width: 24.0816%; text-align: center;\">19 novembre 2026<\/td>\n<td style=\"width: 20%; text-align: center;\">19h00 \u2013 21h45<\/td>\n<td style=\"width: 34.2857%; text-align: center;\"><a href=\"https:\/\/test-upd-php.photofri.ch\/contact\/\" rel=\"noopener noreferrer\" data-ik=\"ik-secure\" data-ik-opengraph-status=\"anchor\">local du PCF<\/a><\/td>\n<\/tr>\n<\/tbody>\n<\/table>\n<p>[\/et_pb_text][et_pb_text _builder_version=\u00a0\u00bb4.20.4&Prime; min_height=\u00a0\u00bb54px\u00a0\u00bb custom_margin=\u00a0\u00bb13px|||||\u00a0\u00bb custom_padding=\u00a0\u00bb0px||1px|||\u00a0\u00bb locked=\u00a0\u00bboff\u00a0\u00bb global_colors_info=\u00a0\u00bb{}\u00a0\u00bb]<\/p>\n<h2><span style=\"font-size: 12pt; color: #666666; font-family: Nunito, Helvetica, Arial, Lucida, sans-serif;\">*** Merci de bien prendre note que chaque session \u00e0 son importance.\u00a0<\/span><\/h2>\n<p>[\/et_pb_text][et_pb_divider color=\u00a0\u00bb#c99a22&Prime; divider_weight=\u00a0\u00bb3px\u00a0\u00bb _builder_version=\u00a0\u00bb4.16&Prime; global_colors_info=\u00a0\u00bb{}\u00a0\u00bb][\/et_pb_divider][\/et_pb_column][\/et_pb_row][\/et_pb_section][et_pb_section fb_built=\u00a0\u00bb1&Prime; _builder_version=\u00a0\u00bb4.16&Prime; custom_padding=\u00a0\u00bb0px||\u00a0\u00bb global_colors_info=\u00a0\u00bb{}\u00a0\u00bb][et_pb_row _builder_version=\u00a0\u00bb4.16&Prime; custom_padding=\u00a0\u00bb0px||0px\u00a0\u00bb global_colors_info=\u00a0\u00bb{}\u00a0\u00bb][et_pb_column type=\u00a0\u00bb4_4&Prime; _builder_version=\u00a0\u00bb4.16&Prime; custom_padding=\u00a0\u00bb|||\u00a0\u00bb global_colors_info=\u00a0\u00bb{}\u00a0\u00bb custom_padding__hover=\u00a0\u00bb|||\u00a0\u00bb][et_pb_text admin_label=\u00a0\u00bbTexte-Demande d&rsquo;inscription\u00a0\u00bb _builder_version=\u00a0\u00bb4.22.1&Prime; min_height=\u00a0\u00bb85.6px\u00a0\u00bb global_colors_info=\u00a0\u00bb{}\u00a0\u00bb]<\/p>\n<h2>Demande d&rsquo;inscription au cours<\/h2>\n<p style=\"text-align: left;\"><b>Pour une inscription aux cours, veuillez remplir le formulaire ci-dessous et l&rsquo;envoyer.<\/b><b><\/b><\/p>\n<p>[\/et_pb_text][et_pb_text _builder_version=\u00a0\u00bb4.19.1&Prime; text_text_color=\u00a0\u00bb#ffffff\u00a0\u00bb custom_padding=\u00a0\u00bb5px|10px|5px|10px|true|true\u00a0\u00bb border_radii=\u00a0\u00bbon|4px|4px|4px|4px\u00a0\u00bb border_color_all=\u00a0\u00bb#e09900&Prime; box_shadow_style=\u00a0\u00bbpreset6&Prime; box_shadow_horizontal=\u00a0\u00bb-2px\u00a0\u00bb box_shadow_blur=\u00a0\u00bb80px\u00a0\u00bb box_shadow_spread=\u00a0\u00bb43px\u00a0\u00bb box_shadow_color=\u00a0\u00bb#e09900&Prime; global_colors_info=\u00a0\u00bb{}\u00a0\u00bb]Si vous d\u00e9sirez offrir un bon cadeau \u00e0 une tierce personne, pri\u00e8re de valider la case sous \u3010Option bon cadeau\u3011.\u00a0 Remplissez vos propres coordonn\u00e9es. Vous serez contact\u00e9 personnellement afin que cette inscription soit trait\u00e9e avec discr\u00e9tion.[\/et_pb_text][et_pb_divider show_divider=\u00a0\u00bboff\u00a0\u00bb _builder_version=\u00a0\u00bb4.16&Prime; global_colors_info=\u00a0\u00bb{}\u00a0\u00bb][\/et_pb_divider][\/et_pb_column][\/et_pb_row][et_pb_row _builder_version=\u00a0\u00bb4.16&Prime; custom_padding=\u00a0\u00bb0px||0px\u00a0\u00bb global_colors_info=\u00a0\u00bb{}\u00a0\u00bb][et_pb_column type=\u00a0\u00bb4_4&Prime; _builder_version=\u00a0\u00bb4.16&Prime; custom_padding=\u00a0\u00bb|||\u00a0\u00bb global_colors_info=\u00a0\u00bb{}\u00a0\u00bb custom_padding__hover=\u00a0\u00bb|||\u00a0\u00bb][et_pb_contact_form email=\u00a0\u00bbcoursphoto@photofri.ch \u00a0\u00bb custom_message=\u00a0\u00bbDonn\u00e9es de l&rsquo;inscription \u00e0 un cours photo :||et_pb_line_break_holder||||et_pb_line_break_holder||Pr\u00e9nom : %%Prenom%%||et_pb_line_break_holder||Nom : %%Nom%%||et_pb_line_break_holder||Adresse : %%Adresse%%||et_pb_line_break_holder||NPA\/Localit\u00e9 : %%Localite%%||et_pb_line_break_holder||T\u00e9l\u00e9phone : %%T\u00e9l\u00e9phone%%||et_pb_line_break_holder||Bon cadeau : %%Bon%%||et_pb_line_break_holder||Message : %%Message%%\u00a0\u00bb success_message=\u00a0\u00bbNous avons bien re\u00e7u votre inscription. Vous serez contact\u00e9 par mail d&rsquo;ici quelques jours pour la suite de l&rsquo;inscription. \u00a0\u00bb submit_button_text=\u00a0\u00bbEnvoyer\u00a0\u00bb disabled_on=\u00a0\u00bboff|off|off\u00a0\u00bb _builder_version=\u00a0\u00bb4.23.4&Prime; _unique_id=\u00a0\u00bbec05228a-1490-4d90-aee3-3ec779028cb9&Prime; form_field_custom_margin=\u00a0\u00bb|||\u00a0\u00bb form_field_font=\u00a0\u00bb||||||||\u00a0\u00bb custom_button=\u00a0\u00bbon\u00a0\u00bb button_text_color=\u00a0\u00bb#ffffff\u00a0\u00bb button_bg_color=\u00a0\u00bb#c99a22&Prime; button_border_width=\u00a0\u00bb0px\u00a0\u00bb button_letter_spacing=\u00a0\u00bb3px\u00a0\u00bb button_font=\u00a0\u00bbOswald|||on|||||\u00a0\u00bb min_height=\u00a0\u00bb499px\u00a0\u00bb custom_margin=\u00a0\u00bb|||\u00a0\u00bb custom_padding=\u00a0\u00bb|||\u00a0\u00bb global_colors_info=\u00a0\u00bb{}\u00a0\u00bb][et_pb_contact_field field_id=\u00a0\u00bbPrenom\u00a0\u00bb field_title=\u00a0\u00bbPr\u00e9nom\u00a0\u00bb _builder_version=\u00a0\u00bb4.16&Prime; global_colors_info=\u00a0\u00bb{}\u00a0\u00bb][\/et_pb_contact_field][et_pb_contact_field field_id=\u00a0\u00bbNom\u00a0\u00bb field_title=\u00a0\u00bbNom\u00a0\u00bb _builder_version=\u00a0\u00bb4.16&Prime; global_colors_info=\u00a0\u00bb{}\u00a0\u00bb button_text_size__hover_enabled=\u00a0\u00bboff\u00a0\u00bb button_one_text_size__hover_enabled=\u00a0\u00bboff\u00a0\u00bb button_two_text_size__hover_enabled=\u00a0\u00bboff\u00a0\u00bb button_text_color__hover_enabled=\u00a0\u00bboff\u00a0\u00bb button_one_text_color__hover_enabled=\u00a0\u00bboff\u00a0\u00bb button_two_text_color__hover_enabled=\u00a0\u00bboff\u00a0\u00bb button_border_width__hover_enabled=\u00a0\u00bboff\u00a0\u00bb button_one_border_width__hover_enabled=\u00a0\u00bboff\u00a0\u00bb button_two_border_width__hover_enabled=\u00a0\u00bboff\u00a0\u00bb button_border_color__hover_enabled=\u00a0\u00bboff\u00a0\u00bb button_one_border_color__hover_enabled=\u00a0\u00bboff\u00a0\u00bb button_two_border_color__hover_enabled=\u00a0\u00bboff\u00a0\u00bb button_border_radius__hover_enabled=\u00a0\u00bboff\u00a0\u00bb button_one_border_radius__hover_enabled=\u00a0\u00bboff\u00a0\u00bb button_two_border_radius__hover_enabled=\u00a0\u00bboff\u00a0\u00bb button_letter_spacing__hover_enabled=\u00a0\u00bboff\u00a0\u00bb button_one_letter_spacing__hover_enabled=\u00a0\u00bboff\u00a0\u00bb button_two_letter_spacing__hover_enabled=\u00a0\u00bboff\u00a0\u00bb button_bg_color__hover_enabled=\u00a0\u00bboff\u00a0\u00bb button_one_bg_color__hover_enabled=\u00a0\u00bboff\u00a0\u00bb button_two_bg_color__hover_enabled=\u00a0\u00bboff\u00a0\u00bb][\/et_pb_contact_field][et_pb_contact_field field_id=\u00a0\u00bbAdresse\u00a0\u00bb field_title=\u00a0\u00bbAdresse\u00a0\u00bb _builder_version=\u00a0\u00bb4.16&Prime; global_colors_info=\u00a0\u00bb{}\u00a0\u00bb][\/et_pb_contact_field][et_pb_contact_field field_id=\u00a0\u00bbLocalite\u00a0\u00bb field_title=\u00a0\u00bbNPA \/ Localit\u00e9\u00a0\u00bb _builder_version=\u00a0\u00bb4.16&Prime; global_colors_info=\u00a0\u00bb{}\u00a0\u00bb][\/et_pb_contact_field][et_pb_contact_field field_id=\u00a0\u00bbEmail\u00a0\u00bb field_title=\u00a0\u00bbAdresse e-mail\u00a0\u00bb field_type=\u00a0\u00bbemail\u00a0\u00bb _builder_version=\u00a0\u00bb4.16&Prime; global_colors_info=\u00a0\u00bb{}\u00a0\u00bb button_text_size__hover_enabled=\u00a0\u00bboff\u00a0\u00bb button_one_text_size__hover_enabled=\u00a0\u00bboff\u00a0\u00bb button_two_text_size__hover_enabled=\u00a0\u00bboff\u00a0\u00bb button_text_color__hover_enabled=\u00a0\u00bboff\u00a0\u00bb button_one_text_color__hover_enabled=\u00a0\u00bboff\u00a0\u00bb button_two_text_color__hover_enabled=\u00a0\u00bboff\u00a0\u00bb button_border_width__hover_enabled=\u00a0\u00bboff\u00a0\u00bb button_one_border_width__hover_enabled=\u00a0\u00bboff\u00a0\u00bb button_two_border_width__hover_enabled=\u00a0\u00bboff\u00a0\u00bb button_border_color__hover_enabled=\u00a0\u00bboff\u00a0\u00bb button_one_border_color__hover_enabled=\u00a0\u00bboff\u00a0\u00bb button_two_border_color__hover_enabled=\u00a0\u00bboff\u00a0\u00bb button_border_radius__hover_enabled=\u00a0\u00bboff\u00a0\u00bb button_one_border_radius__hover_enabled=\u00a0\u00bboff\u00a0\u00bb button_two_border_radius__hover_enabled=\u00a0\u00bboff\u00a0\u00bb button_letter_spacing__hover_enabled=\u00a0\u00bboff\u00a0\u00bb button_one_letter_spacing__hover_enabled=\u00a0\u00bboff\u00a0\u00bb button_two_letter_spacing__hover_enabled=\u00a0\u00bboff\u00a0\u00bb button_bg_color__hover_enabled=\u00a0\u00bboff\u00a0\u00bb button_one_bg_color__hover_enabled=\u00a0\u00bboff\u00a0\u00bb button_two_bg_color__hover_enabled=\u00a0\u00bboff\u00a0\u00bb][\/et_pb_contact_field][et_pb_contact_field field_id=\u00a0\u00bbT\u00e9l\u00e9phone\u00a0\u00bb field_title=\u00a0\u00bbNum\u00e9ro de t\u00e9l\u00e9phone\u00a0\u00bb allowed_symbols=\u00a0\u00bbnumbers\u00a0\u00bb _builder_version=\u00a0\u00bb4.16&Prime; global_colors_info=\u00a0\u00bb{}\u00a0\u00bb button_text_size__hover_enabled=\u00a0\u00bboff\u00a0\u00bb button_one_text_size__hover_enabled=\u00a0\u00bboff\u00a0\u00bb button_two_text_size__hover_enabled=\u00a0\u00bboff\u00a0\u00bb button_text_color__hover_enabled=\u00a0\u00bboff\u00a0\u00bb button_one_text_color__hover_enabled=\u00a0\u00bboff\u00a0\u00bb button_two_text_color__hover_enabled=\u00a0\u00bboff\u00a0\u00bb button_border_width__hover_enabled=\u00a0\u00bboff\u00a0\u00bb button_one_border_width__hover_enabled=\u00a0\u00bboff\u00a0\u00bb button_two_border_width__hover_enabled=\u00a0\u00bboff\u00a0\u00bb button_border_color__hover_enabled=\u00a0\u00bboff\u00a0\u00bb button_one_border_color__hover_enabled=\u00a0\u00bboff\u00a0\u00bb button_two_border_color__hover_enabled=\u00a0\u00bboff\u00a0\u00bb button_border_radius__hover_enabled=\u00a0\u00bboff\u00a0\u00bb button_one_border_radius__hover_enabled=\u00a0\u00bboff\u00a0\u00bb button_two_border_radius__hover_enabled=\u00a0\u00bboff\u00a0\u00bb button_letter_spacing__hover_enabled=\u00a0\u00bboff\u00a0\u00bb button_one_letter_spacing__hover_enabled=\u00a0\u00bboff\u00a0\u00bb button_two_letter_spacing__hover_enabled=\u00a0\u00bboff\u00a0\u00bb button_bg_color__hover_enabled=\u00a0\u00bboff\u00a0\u00bb button_one_bg_color__hover_enabled=\u00a0\u00bboff\u00a0\u00bb button_two_bg_color__hover_enabled=\u00a0\u00bboff\u00a0\u00bb][\/et_pb_contact_field][et_pb_contact_field field_id=\u00a0\u00bbDOB\u00a0\u00bb field_title=\u00a0\u00bbDate de naissance\u00a0\u00bb _builder_version=\u00a0\u00bb4.23.4&Prime; _module_preset=\u00a0\u00bbdefault\u00a0\u00bb global_colors_info=\u00a0\u00bb{}\u00a0\u00bb][\/et_pb_contact_field][et_pb_contact_field field_id=\u00a0\u00bbBon\u00a0\u00bb field_title=\u00a0\u00bbOption bon cadeau\u00a0\u00bb field_type=\u00a0\u00bbcheckbox\u00a0\u00bb checkbox_options=\u00a0\u00bb%91{%22value%22:%22j&rsquo;aimerais offrir un bon cadeau, %22,%22checked%22:0,%22dragID%22:0}%93&Prime; required_mark=\u00a0\u00bboff\u00a0\u00bb _builder_version=\u00a0\u00bb4.19.1&Prime; global_colors_info=\u00a0\u00bb{}\u00a0\u00bb][\/et_pb_contact_field][et_pb_contact_field field_id=\u00a0\u00bbMessage\u00a0\u00bb field_title=\u00a0\u00bbMessage\u00a0\u00bb field_type=\u00a0\u00bbtext\u00a0\u00bb required_mark=\u00a0\u00bboff\u00a0\u00bb fullwidth_field=\u00a0\u00bbon\u00a0\u00bb _builder_version=\u00a0\u00bb4.16&Prime; global_colors_info=\u00a0\u00bb{}\u00a0\u00bb button_text_size__hover_enabled=\u00a0\u00bboff\u00a0\u00bb button_one_text_size__hover_enabled=\u00a0\u00bboff\u00a0\u00bb button_two_text_size__hover_enabled=\u00a0\u00bboff\u00a0\u00bb button_text_color__hover_enabled=\u00a0\u00bboff\u00a0\u00bb button_one_text_color__hover_enabled=\u00a0\u00bboff\u00a0\u00bb button_two_text_color__hover_enabled=\u00a0\u00bboff\u00a0\u00bb button_border_width__hover_enabled=\u00a0\u00bboff\u00a0\u00bb button_one_border_width__hover_enabled=\u00a0\u00bboff\u00a0\u00bb button_two_border_width__hover_enabled=\u00a0\u00bboff\u00a0\u00bb button_border_color__hover_enabled=\u00a0\u00bboff\u00a0\u00bb button_one_border_color__hover_enabled=\u00a0\u00bboff\u00a0\u00bb button_two_border_color__hover_enabled=\u00a0\u00bboff\u00a0\u00bb button_border_radius__hover_enabled=\u00a0\u00bboff\u00a0\u00bb button_one_border_radius__hover_enabled=\u00a0\u00bboff\u00a0\u00bb button_two_border_radius__hover_enabled=\u00a0\u00bboff\u00a0\u00bb button_letter_spacing__hover_enabled=\u00a0\u00bboff\u00a0\u00bb button_one_letter_spacing__hover_enabled=\u00a0\u00bboff\u00a0\u00bb button_two_letter_spacing__hover_enabled=\u00a0\u00bboff\u00a0\u00bb button_bg_color__hover_enabled=\u00a0\u00bboff\u00a0\u00bb button_one_bg_color__hover_enabled=\u00a0\u00bboff\u00a0\u00bb button_two_bg_color__hover_enabled=\u00a0\u00bboff\u00a0\u00bb][\/et_pb_contact_field][\/et_pb_contact_form][et_pb_text disabled_on=\u00a0\u00bbon|on|on\u00a0\u00bb admin_label=\u00a0\u00bbLe cours 2021 est complet\u00a0\u00bb _builder_version=\u00a0\u00bb4.16&Prime; _module_preset=\u00a0\u00bbdefault\u00a0\u00bb background_color=\u00a0\u00bb#E09900&Prime; custom_margin=\u00a0\u00bb||||false|false\u00a0\u00bb custom_padding=\u00a0\u00bb5px||||false|false\u00a0\u00bb disabled=\u00a0\u00bbon\u00a0\u00bb locked=\u00a0\u00bboff\u00a0\u00bb global_colors_info=\u00a0\u00bb{}\u00a0\u00bb]<\/p>\n<h1 style=\"text-align: center;\"><strong><span style=\"color: #ffffff;\">Le cours 2022 est complet<\/span><\/strong><\/h1>\n<p>[\/et_pb_text][\/et_pb_column][\/et_pb_row][\/et_pb_section][et_pb_section fb_built=\u00a0\u00bb1&Prime; _builder_version=\u00a0\u00bb3.26.6&Prime; background_color=\u00a0\u00bb#303030&Prime; background_blend=\u00a0\u00bbluminosity\u00a0\u00bb custom_padding=\u00a0\u00bb||15px\u00a0\u00bb global_module=\u00a0\u00bb2174&Prime; saved_tabs=\u00a0\u00bball\u00a0\u00bb collapsed=\u00a0\u00bboff\u00a0\u00bb global_colors_info=\u00a0\u00bb{}\u00a0\u00bb][et_pb_row column_structure=\u00a0\u00bb1_3,1_3,1_3&Prime; _builder_version=\u00a0\u00bb4.27.6&Prime; custom_margin=\u00a0\u00bb-15px||\u00a0\u00bb custom_padding=\u00a0\u00bb|||15px\u00a0\u00bb border_color_all=\u00a0\u00bb#000000&Prime; border_color_right=\u00a0\u00bb#c99a22&Prime; border_width_left=\u00a0\u00bb1px\u00a0\u00bb border_color_left=\u00a0\u00bb#c99a22&Prime; global_colors_info=\u00a0\u00bb{}\u00a0\u00bb][et_pb_column type=\u00a0\u00bb1_3&Prime; _builder_version=\u00a0\u00bb4.27.3&Prime; global_colors_info=\u00a0\u00bb{}\u00a0\u00bb][et_pb_text _builder_version=\u00a0\u00bb4.27.6&Prime; text_font=\u00a0\u00bb&#8211;et_global_body_font||||||||\u00a0\u00bb text_text_color=\u00a0\u00bb#FFFFFF\u00a0\u00bb text_font_size=\u00a0\u00bb15px\u00a0\u00bb custom_margin=\u00a0\u00bb-15px||\u00a0\u00bb custom_padding=\u00a0\u00bb|||15px\u00a0\u00bb global_colors_info=\u00a0\u00bb{}\u00a0\u00bb]<\/p>\n<p><strong><span style=\"color: #ffffff;\">Informations<\/span><\/strong><\/p>\n<p><span style=\"color: #ffffff;\"><a style=\"color: #ffffff;\" href=\"https:\/\/photofri.ch\/pcfwp\/contact\">Contacter Photo Club Fribourg<\/a><\/span><\/p>\n<p><span style=\"color: #ffffff;\"><a style=\"color: #ffffff;\" href=\"https:\/\/photofri.ch\/pcfwp\/cours\">Informations sur les cours photo<\/a><\/span><\/p>\n<p><span style=\"color: #ffffff;\"><a style=\"color: #ffffff;\" href=\"https:\/\/photofri.ch\/pcfwp\/rejoignez-nous\/\">Devenir membre du club<\/a><\/span><\/p>\n<p>[\/et_pb_text][\/et_pb_column][et_pb_column type=\u00a0\u00bb1_3&Prime; _builder_version=\u00a0\u00bb4.16&Prime; _module_preset=\u00a0\u00bbdefault\u00a0\u00bb global_colors_info=\u00a0\u00bb{}\u00a0\u00bb][et_pb_text _builder_version=\u00a0\u00bb4.27.6&Prime; text_font=\u00a0\u00bb&#8211;et_global_body_font||||||||\u00a0\u00bb text_text_color=\u00a0\u00bb#FFFFFF\u00a0\u00bb text_font_size=\u00a0\u00bb15px\u00a0\u00bb custom_margin=\u00a0\u00bb-15px||\u00a0\u00bb custom_padding=\u00a0\u00bb|||15px\u00a0\u00bb border_color_right=\u00a0\u00bb#c99a22&Prime; border_width_left=\u00a0\u00bb1px\u00a0\u00bb border_color_left=\u00a0\u00bb#c99a22&Prime; global_colors_info=\u00a0\u00bb{}\u00a0\u00bb]<\/p>\n<p><strong>Adresse du Photo Club Fribourg<\/strong><\/p>\n<p>Maison Cibachrome<br \/>Route du Moulin<br \/>1723 Marly<\/p>\n<p>[\/et_pb_text][\/et_pb_column][et_pb_column type=\u00a0\u00bb1_3&Prime; _builder_version=\u00a0\u00bb4.16&Prime; _module_preset=\u00a0\u00bbdefault\u00a0\u00bb global_colors_info=\u00a0\u00bb{}\u00a0\u00bb][et_pb_text _builder_version=\u00a0\u00bb4.27.3&Prime; text_font=\u00a0\u00bb&#8211;et_global_body_font||||||||\u00a0\u00bb text_text_color=\u00a0\u00bb#FFFFFF\u00a0\u00bb text_font_size=\u00a0\u00bb15px\u00a0\u00bb custom_margin=\u00a0\u00bb-15px||\u00a0\u00bb custom_padding=\u00a0\u00bb|||15px\u00a0\u00bb border_color_right=\u00a0\u00bb#c99a22&Prime; border_width_left=\u00a0\u00bb1px\u00a0\u00bb border_color_left=\u00a0\u00bb#c99a22&Prime; global_colors_info=\u00a0\u00bb{}\u00a0\u00bb]<\/p>\n<p><strong>Photo Club Fribourg sur les r\u00e9seaux sociaux<\/strong><\/p>\n<p>[\/et_pb_text][et_pb_social_media_follow _builder_version=\u00a0\u00bb4.27.3&Prime; text_orientation=\u00a0\u00bbleft\u00a0\u00bb custom_margin=\u00a0\u00bb-15px|||15px\u00a0\u00bb custom_padding=\u00a0\u00bb|||\u00a0\u00bb border_color_left=\u00a0\u00bb#c99a22&Prime; global_colors_info=\u00a0\u00bb{}\u00a0\u00bb][et_pb_social_media_follow_network social_network=\u00a0\u00bbfacebook\u00a0\u00bb url=\u00a0\u00bbhttps:\/\/fr-fr.facebook.com\/photoclubfribourg\/\u00a0\u00bb icon_color=\u00a0\u00bb#FFFFFF\u00a0\u00bb _builder_version=\u00a0\u00bb4.27.3&Prime; background_color=\u00a0\u00bb#3b5998&Prime; global_colors_info=\u00a0\u00bb{}\u00a0\u00bb follow_button=\u00a0\u00bboff\u00a0\u00bb url_new_window=\u00a0\u00bbon\u00a0\u00bb]facebook[\/et_pb_social_media_follow_network][et_pb_social_media_follow_network social_network=\u00a0\u00bbinstagram\u00a0\u00bb url=\u00a0\u00bbhttps:\/\/www.instagram.com\/pcfribourg\/\u00a0\u00bb icon_color=\u00a0\u00bb#FFFFFF\u00a0\u00bb _builder_version=\u00a0\u00bb4.27.3&Prime; background_color=\u00a0\u00bb#ea2c59&Prime; global_colors_info=\u00a0\u00bb{}\u00a0\u00bb follow_button=\u00a0\u00bboff\u00a0\u00bb url_new_window=\u00a0\u00bbon\u00a0\u00bb]instagram[\/et_pb_social_media_follow_network][\/et_pb_social_media_follow][\/et_pb_column][\/et_pb_row][et_pb_row column_structure=\u00a0\u00bb1_3,1_3,1_3&Prime; _builder_version=\u00a0\u00bb4.27.6&Prime; _module_preset=\u00a0\u00bbdefault\u00a0\u00bb global_colors_info=\u00a0\u00bb{}\u00a0\u00bb][et_pb_column type=\u00a0\u00bb1_3&Prime; _builder_version=\u00a0\u00bb4.27.6&Prime; _module_preset=\u00a0\u00bbdefault\u00a0\u00bb global_colors_info=\u00a0\u00bb{}\u00a0\u00bb][\/et_pb_column][et_pb_column type=\u00a0\u00bb1_3&Prime; _builder_version=\u00a0\u00bb4.27.6&Prime; _module_preset=\u00a0\u00bbdefault\u00a0\u00bb global_colors_info=\u00a0\u00bb{}\u00a0\u00bb][\/et_pb_column][et_pb_column type=\u00a0\u00bb1_3&Prime; _builder_version=\u00a0\u00bb4.27.6&Prime; _module_preset=\u00a0\u00bbdefault\u00a0\u00bb global_colors_info=\u00a0\u00bb{}\u00a0\u00bb][\/et_pb_column][\/et_pb_row][\/et_pb_section]<\/p>\n","protected":false},"excerpt":{"rendered":"<p>Cours photoInformations et inscriptionContenu du cours Notre priorit\u00e9 est d&rsquo;enseigner les bases de la photographie. Elles permettront par la suite aux participants de les adapter \u00e0 diff\u00e9rents th\u00e8mes photographiques et \u00e0 leurs pr\u00e9f\u00e9rences personnelles. Les points importants: Les mat\u00e9riel et ses fonctions \u00e0 conna\u00eetre La composition La mise au point et le cadrage\u00a0 La lumi\u00e8re [&hellip;]<\/p>\n","protected":false},"author":517,"featured_media":0,"parent":0,"menu_order":0,"comment_status":"closed","ping_status":"closed","template":"","meta":{"_et_pb_use_builder":"on","_et_pb_old_content":"","_et_gb_content_width":"","_mc_calendar":[],"footnotes":""},"class_list":["post-8181","page","type-page","status-publish","hentry"],"_links":{"self":[{"href":"https:\/\/photofri.ch\/pcfwp\/wp-json\/wp\/v2\/pages\/8181","targetHints":{"allow":["GET"]}}],"collection":[{"href":"https:\/\/photofri.ch\/pcfwp\/wp-json\/wp\/v2\/pages"}],"about":[{"href":"https:\/\/photofri.ch\/pcfwp\/wp-json\/wp\/v2\/types\/page"}],"author":[{"embeddable":true,"href":"https:\/\/photofri.ch\/pcfwp\/wp-json\/wp\/v2\/users\/517"}],"replies":[{"embeddable":true,"href":"https:\/\/photofri.ch\/pcfwp\/wp-json\/wp\/v2\/comments?post=8181"}],"version-history":[{"count":11,"href":"https:\/\/photofri.ch\/pcfwp\/wp-json\/wp\/v2\/pages\/8181\/revisions"}],"predecessor-version":[{"id":10063,"href":"https:\/\/photofri.ch\/pcfwp\/wp-json\/wp\/v2\/pages\/8181\/revisions\/10063"}],"wp:attachment":[{"href":"https:\/\/photofri.ch\/pcfwp\/wp-json\/wp\/v2\/media?parent=8181"}],"curies":[{"name":"wp","href":"https:\/\/api.w.org\/{rel}","templated":true}]}}